{"id":13354,"date":"2021-08-02T19:46:12","date_gmt":"2021-08-02T17:46:12","guid":{"rendered":"http:\/\/www.marcmolk.fr\/?page_id=13354"},"modified":"2021-08-02T20:18:27","modified_gmt":"2021-08-02T18:18:27","slug":"faire-taire-le-silence","status":"publish","type":"page","link":"https:\/\/www.marcmolk.fr\/fr\/peinture\/vues-dexpositions\/faire-taire-le-silence\/","title":{"rendered":"Faire taire le silence"},"content":{"rendered":"<p>[vc_row][vc_column width=\u00a0\u00bb1\/3&Prime;][vc_text_separator title=\u00a0\u00bbFaire taire le silence\u00a0\u00bb subtitle=\u00a0\u00bbL&rsquo;Echo M\u00e9diath\u00e8que, Kremlin-Bic\u00eatre, France, 2021&Prime;][\/vc_column][vc_column width=\u00a0\u00bb2\/3&Prime; css=\u00a0\u00bb.vc_custom_1489349298908{border-top-width: 0px !important;border-right-width: 0px !important;border-bottom-width: 0px !important;border-left-width: 0px !important;padding-top: 0px !important;padding-right: 0px !important;padding-bottom: 0px !important;padding-left: 0px !important;}\u00a0\u00bb][vc_column_text]<\/p>\n<div class=\"krown-thumbnail-gallery clearfix\"><a class=\"fancybox fancybox-thumb first\" data-fancybox-group=\"gallery-1\" data-fancybox-title=\"Faire taire le silence, exposition personnelle, L'Echo, Kremlin-Bic\u00eatre, France\" href=\"https:\/\/www.marcmolk.fr\/neo\/wp-content\/uploads\/2021\/08\/001-fairetairelesilence-marcmolk.jpg\" style=\"width:33.333333333333%\"><img src=\"https:\/\/www.marcmolk.fr\/neo\/wp-content\/uploads\/2021\/08\/001-fairetairelesilence-marcmolk-432x432.jpg\" alt=\"Faire taire le silence, exposition personnelle, L'Echo, Kremlin-Bic\u00eatre, France\" \/><\/a><a class=\"fancybox fancybox-thumb\" data-fancybox-group=\"gallery-1\" data-fancybox-title=\"Faire taire le silence, exposition personnelle, L'Echo, Kremlin-Bic\u00eatre, France\" href=\"https:\/\/www.marcmolk.fr\/neo\/wp-content\/uploads\/2021\/08\/002-fairetairelesilence-marcmolk.jpg\" style=\"width:33.333333333333%\"><img src=\"https:\/\/www.marcmolk.fr\/neo\/wp-content\/uploads\/2021\/08\/002-fairetairelesilence-marcmolk-432x432.jpg\" alt=\"Faire taire le silence, exposition personnelle, L'Echo, Kremlin-Bic\u00eatre, France\" \/><\/a><a class=\"fancybox fancybox-thumb last\" data-fancybox-group=\"gallery-1\" data-fancybox-title=\"Faire taire le silence, exposition personnelle, L'Echo, Kremlin-Bic\u00eatre, France\" href=\"https:\/\/www.marcmolk.fr\/neo\/wp-content\/uploads\/2021\/08\/003-fairetairelesilence-marcmolk.jpg\" style=\"width:33.333333333333%\"><img src=\"https:\/\/www.marcmolk.fr\/neo\/wp-content\/uploads\/2021\/08\/003-fairetairelesilence-marcmolk-432x432.jpg\" alt=\"Faire taire le silence, exposition personnelle, L'Echo, Kremlin-Bic\u00eatre, France\" \/><\/a><a class=\"fancybox fancybox-thumb first\" data-fancybox-group=\"gallery-1\" data-fancybox-title=\"Faire taire le silence, exposition personnelle, L'Echo, Kremlin-Bic\u00eatre, France\" href=\"https:\/\/www.marcmolk.fr\/neo\/wp-content\/uploads\/2021\/08\/004-fairetairelesilence-marcmolk.jpg\" style=\"width:33.333333333333%\"><img src=\"https:\/\/www.marcmolk.fr\/neo\/wp-content\/uploads\/2021\/08\/004-fairetairelesilence-marcmolk-432x432.jpg\" alt=\"Faire taire le silence, exposition personnelle, L'Echo, Kremlin-Bic\u00eatre, France\" \/><\/a><a class=\"fancybox fancybox-thumb\" data-fancybox-group=\"gallery-1\" data-fancybox-title=\"Faire taire le silence, exposition personnelle, L'Echo, Kremlin-Bic\u00eatre, France\" href=\"https:\/\/www.marcmolk.fr\/neo\/wp-content\/uploads\/2021\/08\/005-fairetairelesilence-marcmolk.jpg\" style=\"width:33.333333333333%\"><img src=\"https:\/\/www.marcmolk.fr\/neo\/wp-content\/uploads\/2021\/08\/005-fairetairelesilence-marcmolk-432x432.jpg\" alt=\"Faire taire le silence, exposition personnelle, L'Echo, Kremlin-Bic\u00eatre, France\" \/><\/a><a class=\"fancybox fancybox-thumb last\" data-fancybox-group=\"gallery-1\" data-fancybox-title=\"Faire taire le silence, exposition personnelle, L'Echo, Kremlin-Bic\u00eatre, France\" href=\"https:\/\/www.marcmolk.fr\/neo\/wp-content\/uploads\/2021\/08\/006-fairetairelesilence-marcmolk.jpg\" style=\"width:33.333333333333%\"><img src=\"https:\/\/www.marcmolk.fr\/neo\/wp-content\/uploads\/2021\/08\/006-fairetairelesilence-marcmolk-432x432.jpg\" alt=\"Faire taire le silence, exposition personnelle, L'Echo, Kremlin-Bic\u00eatre, France\" \/><\/a><a class=\"fancybox fancybox-thumb first\" data-fancybox-group=\"gallery-1\" data-fancybox-title=\"Faire taire le silence, exposition personnelle, L'Echo, Kremlin-Bic\u00eatre, France\" href=\"https:\/\/www.marcmolk.fr\/neo\/wp-content\/uploads\/2021\/08\/007-fairetairelesilence-marcmolk.jpg\" style=\"width:33.333333333333%\"><img src=\"https:\/\/www.marcmolk.fr\/neo\/wp-content\/uploads\/2021\/08\/007-fairetairelesilence-marcmolk-432x432.jpg\" alt=\"Faire taire le silence, exposition personnelle, L'Echo, Kremlin-Bic\u00eatre, France\" \/><\/a><a class=\"fancybox fancybox-thumb\" data-fancybox-group=\"gallery-1\" data-fancybox-title=\"Faire taire le silence, exposition personnelle, L'Echo, Kremlin-Bic\u00eatre, France\" href=\"https:\/\/www.marcmolk.fr\/neo\/wp-content\/uploads\/2021\/08\/008-fairetairelesilence-marcmolk.jpg\" style=\"width:33.333333333333%\"><img src=\"https:\/\/www.marcmolk.fr\/neo\/wp-content\/uploads\/2021\/08\/008-fairetairelesilence-marcmolk-432x432.jpg\" alt=\"Faire taire le silence, exposition personnelle, L'Echo, Kremlin-Bic\u00eatre, France\" \/><\/a><a class=\"fancybox fancybox-thumb last\" data-fancybox-group=\"gallery-1\" data-fancybox-title=\"Faire taire le silence, exposition personnelle, L'Echo, Kremlin-Bic\u00eatre, France\" href=\"https:\/\/www.marcmolk.fr\/neo\/wp-content\/uploads\/2021\/08\/009-fairetairelesilence-marcmolk.jpg\" style=\"width:33.333333333333%\"><img src=\"https:\/\/www.marcmolk.fr\/neo\/wp-content\/uploads\/2021\/08\/009-fairetairelesilence-marcmolk-432x432.jpg\" alt=\"Faire taire le silence, exposition personnelle, L'Echo, Kremlin-Bic\u00eatre, France\" \/><\/a><a class=\"fancybox fancybox-thumb first\" data-fancybox-group=\"gallery-1\" data-fancybox-title=\"Faire taire le silence, exposition personnelle, L'Echo, Kremlin-Bic\u00eatre, France\" href=\"https:\/\/www.marcmolk.fr\/neo\/wp-content\/uploads\/2021\/08\/010-fairetairelesilence-marcmolk.jpg\" style=\"width:33.333333333333%\"><img src=\"https:\/\/www.marcmolk.fr\/neo\/wp-content\/uploads\/2021\/08\/010-fairetairelesilence-marcmolk-432x432.jpg\" alt=\"Faire taire le silence, exposition personnelle, L'Echo, Kremlin-Bic\u00eatre, France\" \/><\/a><a class=\"fancybox fancybox-thumb\" data-fancybox-group=\"gallery-1\" data-fancybox-title=\"Faire taire le silence, exposition personnelle, L'Echo, Kremlin-Bic\u00eatre, France\" href=\"https:\/\/www.marcmolk.fr\/neo\/wp-content\/uploads\/2021\/08\/011-fairetairelesilence-marcmolk.jpg\" style=\"width:33.333333333333%\"><img src=\"https:\/\/www.marcmolk.fr\/neo\/wp-content\/uploads\/2021\/08\/011-fairetairelesilence-marcmolk-432x432.jpg\" alt=\"Faire taire le silence, exposition personnelle, L'Echo, Kremlin-Bic\u00eatre, France\" \/><\/a><a class=\"fancybox fancybox-thumb last\" data-fancybox-group=\"gallery-1\" data-fancybox-title=\"Faire taire le silence, exposition personnelle, L'Echo, Kremlin-Bic\u00eatre, France\" href=\"https:\/\/www.marcmolk.fr\/neo\/wp-content\/uploads\/2021\/08\/012-fairetairelesilence-marcmolk.jpg\" style=\"width:33.333333333333%\"><img src=\"https:\/\/www.marcmolk.fr\/neo\/wp-content\/uploads\/2021\/08\/012-fairetairelesilence-marcmolk-432x432.jpg\" alt=\"Faire taire le silence, exposition personnelle, L'Echo, Kremlin-Bic\u00eatre, France\" \/><\/a><a class=\"fancybox fancybox-thumb first\" data-fancybox-group=\"gallery-1\" data-fancybox-title=\"Faire taire le silence, exposition personnelle, L'Echo, Kremlin-Bic\u00eatre, France\" href=\"https:\/\/www.marcmolk.fr\/neo\/wp-content\/uploads\/2021\/08\/013-fairetairelesilence-marcmolk.jpg\" style=\"width:33.333333333333%\"><img src=\"https:\/\/www.marcmolk.fr\/neo\/wp-content\/uploads\/2021\/08\/013-fairetairelesilence-marcmolk-432x432.jpg\" alt=\"Faire taire le silence, exposition personnelle, L'Echo, Kremlin-Bic\u00eatre, France\" \/><\/a><a class=\"fancybox fancybox-thumb\" data-fancybox-group=\"gallery-1\" data-fancybox-title=\"Faire taire le silence, exposition personnelle, L'Echo, Kremlin-Bic\u00eatre, France\" href=\"https:\/\/www.marcmolk.fr\/neo\/wp-content\/uploads\/2021\/08\/014-fairetairelesilence-marcmolk.jpg\" style=\"width:33.333333333333%\"><img src=\"https:\/\/www.marcmolk.fr\/neo\/wp-content\/uploads\/2021\/08\/014-fairetairelesilence-marcmolk-432x432.jpg\" alt=\"Faire taire le silence, exposition personnelle, L'Echo, Kremlin-Bic\u00eatre, France\" \/><\/a><a class=\"fancybox fancybox-thumb last\" data-fancybox-group=\"gallery-1\" data-fancybox-title=\"Faire taire le silence, exposition personnelle, L'Echo, Kremlin-Bic\u00eatre, France\" href=\"https:\/\/www.marcmolk.fr\/neo\/wp-content\/uploads\/2021\/08\/015-fairetairelesilence-marcmolk.jpg\" style=\"width:33.333333333333%\"><img src=\"https:\/\/www.marcmolk.fr\/neo\/wp-content\/uploads\/2021\/08\/015-fairetairelesilence-marcmolk-432x432.jpg\" alt=\"Faire taire le silence, exposition personnelle, L'Echo, Kremlin-Bic\u00eatre, France\" \/><\/a><a class=\"fancybox fancybox-thumb first\" data-fancybox-group=\"gallery-1\" data-fancybox-title=\"Faire taire le silence, exposition personnelle, L'Echo, Kremlin-Bic\u00eatre, France\" href=\"https:\/\/www.marcmolk.fr\/neo\/wp-content\/uploads\/2021\/08\/016-fairetairelesilence-marcmolk.jpg\" style=\"width:33.333333333333%\"><img src=\"https:\/\/www.marcmolk.fr\/neo\/wp-content\/uploads\/2021\/08\/016-fairetairelesilence-marcmolk-432x432.jpg\" alt=\"Faire taire le silence, exposition personnelle, L'Echo, Kremlin-Bic\u00eatre, France\" \/><\/a><a class=\"fancybox fancybox-thumb\" data-fancybox-group=\"gallery-1\" data-fancybox-title=\"Faire taire le silence, exposition personnelle, L'Echo, Kremlin-Bic\u00eatre, France\" href=\"https:\/\/www.marcmolk.fr\/neo\/wp-content\/uploads\/2021\/08\/017-fairetairelesilence-marcmolk.jpg\" style=\"width:33.333333333333%\"><img src=\"https:\/\/www.marcmolk.fr\/neo\/wp-content\/uploads\/2021\/08\/017-fairetairelesilence-marcmolk-432x432.jpg\" alt=\"Faire taire le silence, exposition personnelle, L'Echo, Kremlin-Bic\u00eatre, France\" \/><\/a><\/div>\n<p>[\/vc_column_text][vc_separator][vc_row_inner css=\u00a0\u00bb.vc_custom_1489354211532{border-width: 0px !important;padding: 0px !important;background-image: url(http:\/\/www.marcmolk.fr\/neo\/wp-content\/uploads\/2015\/08\/fond-rayures-1sur1.jpg?id=1447) !important;}\u00a0\u00bb][vc_column_inner width=\u00a0\u00bb1\/1&Prime;][vc_separator][\/vc_column_inner][\/vc_row_inner][vc_separator][vc_column_text]<\/p>\n<div class=\"encart4\">\n<div class=\"kvgmc6g5 cxmmr5t8 oygrvhab hcukyx3x c1et5uql ii04i59q\">\n<div dir=\"auto\">\n<p class=\"p1\">\u00ab\u00a0FAIRE TAIRE LE SILENCE\u00a0\u00bb \/ MARC MOLK<\/p>\n<p>EXPOSITION PERSONNELLE<\/p>\n<p>Dans le cadre de la r\u00e9sidence d\u2019auteur de Carole Fives \u00e0 la m\u00e9diath\u00e8que, auteure de \u00ab T\u00e9r\u00e9benthine \u00bb publi\u00e9 aux \u00e9ditions Gallimard.<\/p>\n<p>EXPOSITION \/ 17 mars 2021 &gt; 15 avril 2021<\/p>\n<p>RENCONTRE \/ Samedi 20 mars \/ Rencontre film\u00e9e entre Carole Fives &amp; Marc Molk retransmise en direct sur les r\u00e9seaux de la m\u00e9diath\u00e8que intitul\u00e9e \u00ab Convalescence de la Peinture fran\u00e7aise \u00bb.<\/p>\n<p>L\u2019\u00c9CHO \/ M\u00e9diath\u00e8que du Kremlin-Bic\u00eatre<br \/>\n53 avenue de Fontainebleau<br \/>\n94270 le Kremlin-Bic\u00eatre<\/p>\n<\/div>\n<\/div>\n<\/div>\n<p>[\/vc_column_text][vc_separator][vc_column_text]<\/p>\n<div class=\"encart4\">\n<div class=\"kvgmc6g5 cxmmr5t8 oygrvhab hcukyx3x c1et5uql ii04i59q\">\n<div dir=\"auto\">\n<p class=\"p1\">________________________________________________________<\/p>\n<p class=\"p1\">RENCONTRE entre Carole Fives &amp; Marc Molk<br \/>\n\u00abConvalescence de la Peinture fran\u00e7aise\u00bb :<\/p>\n<\/div>\n<\/div>\n<\/div>\n<p>[\/vc_column_text][vc_raw_html]JTNDaWZyYW1lJTIwd2lkdGglM0QlMjI1NjAlMjIlMjBoZWlnaHQlM0QlMjIzMTUlMjIlMjBzcmMlM0QlMjJodHRwcyUzQSUyRiUyRnd3dy55b3V0dWJlLmNvbSUyRmVtYmVkJTJGdUpfNnJtUDQ4NXMlMjIlMjB0aXRsZSUzRCUyMllvdVR1YmUlMjB2aWRlbyUyMHBsYXllciUyMiUyMGZyYW1lYm9yZGVyJTNEJTIyMCUyMiUyMGFsbG93JTNEJTIyYWNjZWxlcm9tZXRlciUzQiUyMGF1dG9wbGF5JTNCJTIwY2xpcGJvYXJkLXdyaXRlJTNCJTIwZW5jcnlwdGVkLW1lZGlhJTNCJTIwZ3lyb3Njb3BlJTNCJTIwcGljdHVyZS1pbi1waWN0dXJlJTIyJTIwYWxsb3dmdWxsc2NyZWVuJTNFJTNDJTJGaWZyYW1lJTNF[\/vc_raw_html][vc_separator][vc_row_inner css=\u00a0\u00bb.vc_custom_1489354211532{border-width: 0px !important;padding: 0px !important;background-image: url(http:\/\/www.marcmolk.fr\/neo\/wp-content\/uploads\/2015\/08\/fond-rayures-1sur1.jpg?id=1447) !important;}\u00a0\u00bb][vc_column_inner width=\u00a0\u00bb1\/1&Prime;][vc_separator][\/vc_column_inner][\/vc_row_inner][vc_separator][vc_column_text]\u00a0\u00bbUn tableau est silencieux. Il n&rsquo;est pas muet mais il est silencieux. Ce qui est peint ne bouge pas, ne pleure pas, ne s&rsquo;en va pas, mais ne r\u00e9pond pas.<\/p>\n<p>Parfois dans ces bocaux, c&rsquo;est le bonheur qu&rsquo;on emprisonne, parfois c&rsquo;est un mauvais r\u00eave, quelquefois c&rsquo;est la vie des autres. Il faut \u00eatre r\u00e9vuls\u00e9 par le grand tourbillon, tenaill\u00e9 par un besoin de figer ce qui fuit, c&rsquo;est \u00e0 dire tout, angoiss\u00e9 par le besoin de sauver, de prouver qu&rsquo;une permanence est possible, pour peindre.<\/p>\n<p>Je dis \u00e7a mais c&rsquo;est une idiotie. Certains peignent avec l&rsquo;ambition strictement contraire.<\/p>\n<p>Quoi qu&rsquo;il en soit, tous les tableaux sont m\u00e9caniquement silencieux, et cela intimide souvent, cela fait un peu peur, cela g\u00eane en tout cas, a priori tout le monde. En face d&rsquo;un tableau, il ne s&rsquo;agit pas de rester coi ni m\u00eame &#8211; si vous voulez mon sentiment &#8211; de parler du tableau, mais plut\u00f4t \u00ab\u00a0de faire parler le tableau\u00a0\u00bb.<\/p>\n<p>Car la peinture n&rsquo;est pas l\u00e0 pour nous faire taire. C&rsquo;est \u00e0 chacun, sans crainte du ridicule ou quoi, de s&rsquo;improviser son interpr\u00e8te. Les tableaux essaient comme ils peuvent de nous faire parler, parler du temps qu&rsquo;il fait ou d&rsquo;autre chose que du temps qu&rsquo;il fait, d&rsquo;un peu tout.<\/p>\n<p>Des tableaux, chacun devrait, a le droit sans contrainte, de faire taire le silence.\u00a0\u00bb<\/p>\n<p>Marc Molk[\/vc_column_text][\/vc_column][\/vc_row]<\/p>\n","protected":false},"excerpt":{"rendered":"<p>[vc_row][vc_column width=\u00a0\u00bb1\/3&Prime;][vc_text_separator title=\u00a0\u00bbFaire taire le silence\u00a0\u00bb subtitle=\u00a0\u00bbL&rsquo;Echo M\u00e9diath\u00e8que, Kremlin-Bic\u00eatre, France, 2021&Prime;][\/vc_column][vc_column width=\u00a0\u00bb2\/3&Prime; css=\u00a0\u00bb.vc_custom_1489349298908{border-top-width: 0px !important;border-right-width: 0px !important;border-bottom-width: 0px !important;border-left-width: 0px !important;padding-top: 0px !important;padding-right: 0px !important;padding-bottom: 0px !important;padding-left: 0px !important;}\u00a0\u00bb][vc_column_text] [\/vc_column_text][vc_separator][vc_row_inner css=\u00a0\u00bb.vc_custom_1489354211532{border-width: 0px !important;padding: 0px !important;background-image: url(http:\/\/www.marcmolk.fr\/neo\/wp-content\/uploads\/2015\/08\/fond-rayures-1sur1.jpg?id=1447) !important;}\u00a0\u00bb][vc_column_inner width=\u00a0\u00bb1\/1&Prime;][vc_separator][\/vc_column_inner][\/vc_row_inner][vc_separator][vc_column_text] \u00ab\u00a0FAIRE TAIRE LE SILENCE\u00a0\u00bb \/ MARC MOLK EXPOSITION PERSONNELLE Dans le cadre de la r\u00e9sidence d\u2019auteur de [&hellip;]<\/p>\n","protected":false},"author":1,"featured_media":0,"parent":2033,"menu_order":0,"comment_status":"closed","ping_status":"closed","template":"","meta":[],"_links":{"self":[{"href":"https:\/\/www.marcmolk.fr\/fr\/wp-json\/wp\/v2\/pages\/13354"}],"collection":[{"href":"https:\/\/www.marcmolk.fr\/fr\/wp-json\/wp\/v2\/pages"}],"about":[{"href":"https:\/\/www.marcmolk.fr\/fr\/wp-json\/wp\/v2\/types\/page"}],"author":[{"embeddable":true,"href":"https:\/\/www.marcmolk.fr\/fr\/wp-json\/wp\/v2\/users\/1"}],"replies":[{"embeddable":true,"href":"https:\/\/www.marcmolk.fr\/fr\/wp-json\/wp\/v2\/comments?post=13354"}],"version-history":[{"count":6,"href":"https:\/\/www.marcmolk.fr\/fr\/wp-json\/wp\/v2\/pages\/13354\/revisions"}],"predecessor-version":[{"id":13360,"href":"https:\/\/www.marcmolk.fr\/fr\/wp-json\/wp\/v2\/pages\/13354\/revisions\/13360"}],"up":[{"embeddable":true,"href":"https:\/\/www.marcmolk.fr\/fr\/wp-json\/wp\/v2\/pages\/2033"}],"wp:attachment":[{"href":"https:\/\/www.marcmolk.fr\/fr\/wp-json\/wp\/v2\/media?parent=13354"}],"curies":[{"name":"wp","href":"https:\/\/api.w.org\/{rel}","templated":true}]}}